{"id":33791,"date":"2023-01-12T09:13:32","date_gmt":"2023-01-12T08:13:32","guid":{"rendered":"https:\/\/barenboim-said.org\/?page_id=33791"},"modified":"2024-11-28T11:26:30","modified_gmt":"2024-11-28T10:26:30","slug":"proceso-de-seleccion-sevilla","status":"publish","type":"page","link":"https:\/\/barenboim-said.org\/en\/proceso-de-seleccion-sevilla\/","title":{"rendered":"Proceso de selecci\u00f3n Sevilla"},"content":{"rendered":"<h2>docente especialista en educaci\u00f3n musical infantil<\/h2>\n<h3>contrato temporal de interinidad a tiempo parcial para cobertura de vacante por excedencia<\/h3>\n<h3>SEVILLA<\/h3>\n<p>La Fundaci\u00f3n Barenboim-Said abri\u00f3 el 29 de diciembre de 2022 un proceso de selecci\u00f3n con la referencia CT-00164\/2022 para cubrir un puesto de trabajo con contrato temporal de interinidad a tiempo parcial en Sevilla, para cobertura de vacante por excedencia para <b>Docente especialista en educaci\u00f3n musical infantil<\/b> en los CEIP Andaluc\u00eda y Manuel Gim\u00e9nez Fern\u00e1ndez, centros p\u00fablicos participantes en el<a href=\"https:\/\/barenboim-said.org\/educacion-musical-en-andalucia\/educacion-musical-infantil\/\" target=\"_blank\" rel=\"noopener\"> Proyecto de Educaci\u00f3n Musical Infantil <\/a>en Sevilla, durante el curso escolar 2022\/2023 desde su incorporaci\u00f3n hasta el 9 de junio de 2023, y durante el curso escolar 2023\/2024 desde el 16 de octubre de 2023 hasta el 11 de diciembre de 2023.\u00a0<\/p>\n<p>Para participar en este proceso de selecci\u00f3n era necesario rellenar el formulario disponible en esta p\u00e1gina y adjuntar el <strong>curr\u00edculum<\/strong> de la persona solicitante, en el que deber\u00e1n reflejarse los siguientes apartados:<br \/>&#8211; Formaci\u00f3n acad\u00e9mica.<br \/>&#8211; Experiencia laboral.<br \/>&#8211; Formaci\u00f3n complementaria.<br \/>&#8211; Experiencia art\u00edstica.<\/p>\n<p>En el apartado <strong>experiencia laboral<\/strong> es necesario especificar el inicio, la finalizaci\u00f3n y la duraci\u00f3n de cada experiencia laboral, as\u00ed como el inicio, la finalizaci\u00f3n y el n\u00famero de horas de cada formaci\u00f3n complementaria en la que se haya participado.<\/p>\n<p>La <strong>fecha l\u00edmite de recepci\u00f3n de solicitudes ha finalizado<\/strong> a los 10 d\u00edas naturales de la fecha de publicaci\u00f3n de este anuncio en BOJA: el 22 de enero de 2023 a las 23:59 h.<\/p>\n<p>\t\t\t<a href=\"https:\/\/barenboim-said.org\/wp-content\/uploads\/2023\/01\/BOJA23-007-00002-248-01_00275314.pdf\" target=\"_blank\" role=\"button\" rel=\"noopener\"><br \/>\n\t\t\t\t\t\tproceso de selecci\u00f3n docente especialista en educaci\u00f3n musical infantil &#8211; sevilla<br \/>\n\t\t\t\t\t<\/a><br \/>\n\t\t\t\t\t\t\t\t\t\t\t\t\t\t\t<img loading=\"lazy\" decoding=\"async\" width=\"500\" height=\"330\" src=\"https:\/\/barenboim-said.org\/wp-content\/uploads\/2021\/11\/EMI-2020_576b-1.jpg\" alt=\"\" loading=\"lazy\" srcset=\"https:\/\/barenboim-said.org\/wp-content\/uploads\/2021\/11\/EMI-2020_576b-1.jpg 500w, https:\/\/barenboim-said.org\/wp-content\/uploads\/2021\/11\/EMI-2020_576b-1-300x198.jpg 300w\" sizes=\"auto, (max-width: 500px) 100vw, 500px\" \/><\/p>\n","protected":false},"excerpt":{"rendered":"<p>docente especialista en educaci\u00f3n musical infantil contrato temporal de interinidad a tiempo parcial para cobertura de vacante por excedencia SEVILLA La Fundaci\u00f3n Barenboim-Said abri\u00f3 el 29 de diciembre de 2022 un proceso de selecci\u00f3n con la referencia CT-00164\/2022 para cubrir un puesto de trabajo con contrato temporal de interinidad a tiempo parcial en Sevilla, para [&hellip;]<\/p>\n","protected":false},"author":5,"featured_media":0,"parent":0,"menu_order":0,"comment_status":"closed","ping_status":"closed","template":"","meta":{"footnotes":""},"class_list":["post-33791","page","type-page","status-publish","hentry"],"_links":{"self":[{"href":"https:\/\/barenboim-said.org\/en\/wp-json\/wp\/v2\/pages\/33791","targetHints":{"allow":["GET"]}}],"collection":[{"href":"https:\/\/barenboim-said.org\/en\/wp-json\/wp\/v2\/pages"}],"about":[{"href":"https:\/\/barenboim-said.org\/en\/wp-json\/wp\/v2\/types\/page"}],"author":[{"embeddable":true,"href":"https:\/\/barenboim-said.org\/en\/wp-json\/wp\/v2\/users\/5"}],"replies":[{"embeddable":true,"href":"https:\/\/barenboim-said.org\/en\/wp-json\/wp\/v2\/comments?post=33791"}],"version-history":[{"count":0,"href":"https:\/\/barenboim-said.org\/en\/wp-json\/wp\/v2\/pages\/33791\/revisions"}],"wp:attachment":[{"href":"https:\/\/barenboim-said.org\/en\/wp-json\/wp\/v2\/media?parent=33791"}],"curies":[{"name":"wp","href":"https:\/\/api.w.org\/{rel}","templated":true}]}}