{"id":33648,"date":"2022-12-29T11:57:54","date_gmt":"2022-12-29T10:57:54","guid":{"rendered":"https:\/\/barenboim-said.org\/?page_id=33648"},"modified":"2023-02-21T12:39:07","modified_gmt":"2023-02-21T11:39:07","slug":"convocatoria-estabilizacion-gestorcontable","status":"publish","type":"page","link":"https:\/\/barenboim-said.org\/en\/convocatoria-estabilizacion-gestorcontable\/","title":{"rendered":"Convocatoria estabilizaci\u00f3n por concurso de m\u00e9ritos"},"content":{"rendered":"\t\t<div data-elementor-type=\"wp-page\" data-elementor-id=\"33648\" class=\"elementor elementor-33648\" data-elementor-post-type=\"page\">\n\t\t\t\t\t\t<section class=\"elementor-section elementor-top-section elementor-element elementor-element-be42965 elementor-section-full_width elementor-section-height-default elementor-section-height-default\" data-id=\"be42965\" data-element_type=\"section\" data-e-type=\"section\" data-settings=\"{&quot;jet_parallax_layout_list&quot;:[{&quot;jet_parallax_layout_image&quot;:{&quot;url&quot;:&quot;&quot;,&quot;id&quot;:&quot;&quot;,&quot;size&quot;:&quot;&quot;},&quot;_id&quot;:&quot;59affc8&quot;,&quot;jet_parallax_layout_image_tablet&quot;:{&quot;url&quot;:&quot;&quot;,&quot;id&quot;:&quot;&quot;,&quot;size&quot;:&quot;&quot;},&quot;jet_parallax_layout_image_mobile&quot;:{&quot;url&quot;:&quot;&quot;,&quot;id&quot;:&quot;&quot;,&quot;size&quot;:&quot;&quot;},&quot;jet_parallax_layout_speed&quot;:{&quot;unit&quot;:&quot;%&quot;,&quot;size&quot;:50,&quot;sizes&quot;:[]},&quot;jet_parallax_layout_type&quot;:&quot;scroll&quot;,&quot;jet_parallax_layout_direction&quot;:&quot;1&quot;,&quot;jet_parallax_layout_fx_direction&quot;:null,&quot;jet_parallax_layout_z_index&quot;:&quot;&quot;,&quot;jet_parallax_layout_bg_x&quot;:50,&quot;jet_parallax_layout_bg_x_tablet&quot;:&quot;&quot;,&quot;jet_parallax_layout_bg_x_mobile&quot;:&quot;&quot;,&quot;jet_parallax_layout_bg_y&quot;:50,&quot;jet_parallax_layout_bg_y_tablet&quot;:&quot;&quot;,&quot;jet_parallax_layout_bg_y_mobile&quot;:&quot;&quot;,&quot;jet_parallax_layout_bg_size&quot;:&quot;auto&quot;,&quot;jet_parallax_layout_bg_size_tablet&quot;:&quot;&quot;,&quot;jet_parallax_layout_bg_size_mobile&quot;:&quot;&quot;,&quot;jet_parallax_layout_animation_prop&quot;:&quot;transform&quot;,&quot;jet_parallax_layout_on&quot;:[&quot;desktop&quot;,&quot;tablet&quot;]}]}\">\n\t\t\t\t\t\t<div class=\"elementor-container elementor-column-gap-no\">\n\t\t\t\t\t<div class=\"elementor-column elementor-col-100 elementor-top-column elementor-element elementor-element-9117c96\" data-id=\"9117c96\" data-element_type=\"column\" data-e-type=\"column\">\n\t\t\t<div class=\"elementor-widget-wrap elementor-element-populated\">\n\t\t\t\t\t\t<div class=\"elementor-element elementor-element-7c59e0a elementor-widget elementor-widget-template\" data-id=\"7c59e0a\" data-element_type=\"widget\" data-e-type=\"widget\" data-widget_type=\"template.default\">\n\t\t\t\t<div class=\"elementor-widget-container\">\n\t\t\t\t\t\t\t<div class=\"elementor-template\">\n\t\t\t\t\t<div data-elementor-type=\"section\" data-elementor-id=\"24370\" class=\"elementor elementor-24370\" data-elementor-post-type=\"elementor_library\">\n\t\t\t\t\t<section class=\"elementor-section elementor-top-section elementor-element elementor-element-376c33ee elementor-section-height-min-height elementor-section-items-stretch elementor-section-boxed elementor-section-height-default\" data-id=\"376c33ee\" data-element_type=\"section\" data-e-type=\"section\" data-settings=\"{&quot;jet_parallax_layout_list&quot;:[{&quot;jet_parallax_layout_image&quot;:{&quot;url&quot;:&quot;&quot;,&quot;id&quot;:&quot;&quot;,&quot;size&quot;:&quot;&quot;},&quot;_id&quot;:&quot;49bad7b&quot;,&quot;jet_parallax_layout_image_tablet&quot;:{&quot;url&quot;:&quot;&quot;,&quot;id&quot;:&quot;&quot;,&quot;size&quot;:&quot;&quot;},&quot;jet_parallax_layout_image_mobile&quot;:{&quot;url&quot;:&quot;&quot;,&quot;id&quot;:&quot;&quot;,&quot;size&quot;:&quot;&quot;},&quot;jet_parallax_layout_speed&quot;:{&quot;unit&quot;:&quot;%&quot;,&quot;size&quot;:50,&quot;sizes&quot;:[]},&quot;jet_parallax_layout_type&quot;:&quot;scroll&quot;,&quot;jet_parallax_layout_direction&quot;:&quot;1&quot;,&quot;jet_parallax_layout_fx_direction&quot;:null,&quot;jet_parallax_layout_z_index&quot;:&quot;&quot;,&quot;jet_parallax_layout_bg_x&quot;:50,&quot;jet_parallax_layout_bg_x_tablet&quot;:&quot;&quot;,&quot;jet_parallax_layout_bg_x_mobile&quot;:&quot;&quot;,&quot;jet_parallax_layout_bg_y&quot;:50,&quot;jet_parallax_layout_bg_y_tablet&quot;:&quot;&quot;,&quot;jet_parallax_layout_bg_y_mobile&quot;:&quot;&quot;,&quot;jet_parallax_layout_bg_size&quot;:&quot;auto&quot;,&quot;jet_parallax_layout_bg_size_tablet&quot;:&quot;&quot;,&quot;jet_parallax_layout_bg_size_mobile&quot;:&quot;&quot;,&quot;jet_parallax_layout_animation_prop&quot;:&quot;transform&quot;,&quot;jet_parallax_layout_on&quot;:[&quot;desktop&quot;,&quot;tablet&quot;]}],&quot;background_background&quot;:&quot;classic&quot;}\">\n\t\t\t\t\t\t\t<div class=\"elementor-background-overlay\"><\/div>\n\t\t\t\t\t\t\t<div class=\"elementor-container elementor-column-gap-default\">\n\t\t\t\t\t<div class=\"elementor-column elementor-col-100 elementor-top-column elementor-element elementor-element-3f8c9368\" data-id=\"3f8c9368\" data-element_type=\"column\" data-e-type=\"column\">\n\t\t\t<div class=\"elementor-widget-wrap elementor-element-populated\">\n\t\t\t\t\t\t<div class=\"elementor-element elementor-element-6a25fdae elementor-widget elementor-widget-heading\" data-id=\"6a25fdae\" data-element_type=\"widget\" data-e-type=\"widget\" data-widget_type=\"heading.default\">\n\t\t\t\t\t<h1 class=\"elementor-heading-title elementor-size-default\">Convocatoria estabilizaci\u00f3n por concurso de m\u00e9ritos<\/h1>\t\t\t\t<\/div>\n\t\t\t\t\t<\/div>\n\t\t<\/div>\n\t\t\t\t\t<\/div>\n\t\t<\/section>\n\t\t\t\t<\/div>\n\t\t\t\t<\/div>\n\t\t\t\t\t\t<\/div>\n\t\t\t\t<\/div>\n\t\t\t\t\t<\/div>\n\t\t<\/div>\n\t\t\t\t\t<\/div>\n\t\t<\/section>\n\t\t\t\t<section class=\"elementor-section elementor-top-section elementor-element elementor-element-3824337 elementor-section-boxed elementor-section-height-default elementor-section-height-default\" data-id=\"3824337\" data-element_type=\"section\" data-e-type=\"section\" data-settings=\"{&quot;jet_parallax_layout_list&quot;:[{&quot;jet_parallax_layout_image&quot;:{&quot;url&quot;:&quot;&quot;,&quot;id&quot;:&quot;&quot;,&quot;size&quot;:&quot;&quot;},&quot;_id&quot;:&quot;589bafb&quot;,&quot;jet_parallax_layout_image_tablet&quot;:{&quot;url&quot;:&quot;&quot;,&quot;id&quot;:&quot;&quot;,&quot;size&quot;:&quot;&quot;},&quot;jet_parallax_layout_image_mobile&quot;:{&quot;url&quot;:&quot;&quot;,&quot;id&quot;:&quot;&quot;,&quot;size&quot;:&quot;&quot;},&quot;jet_parallax_layout_speed&quot;:{&quot;unit&quot;:&quot;%&quot;,&quot;size&quot;:50,&quot;sizes&quot;:[]},&quot;jet_parallax_layout_type&quot;:&quot;scroll&quot;,&quot;jet_parallax_layout_direction&quot;:&quot;1&quot;,&quot;jet_parallax_layout_fx_direction&quot;:null,&quot;jet_parallax_layout_z_index&quot;:&quot;&quot;,&quot;jet_parallax_layout_bg_x&quot;:50,&quot;jet_parallax_layout_bg_x_tablet&quot;:&quot;&quot;,&quot;jet_parallax_layout_bg_x_mobile&quot;:&quot;&quot;,&quot;jet_parallax_layout_bg_y&quot;:50,&quot;jet_parallax_layout_bg_y_tablet&quot;:&quot;&quot;,&quot;jet_parallax_layout_bg_y_mobile&quot;:&quot;&quot;,&quot;jet_parallax_layout_bg_size&quot;:&quot;auto&quot;,&quot;jet_parallax_layout_bg_size_tablet&quot;:&quot;&quot;,&quot;jet_parallax_layout_bg_size_mobile&quot;:&quot;&quot;,&quot;jet_parallax_layout_animation_prop&quot;:&quot;transform&quot;,&quot;jet_parallax_layout_on&quot;:[&quot;desktop&quot;,&quot;tablet&quot;]}]}\">\n\t\t\t\t\t\t<div class=\"elementor-container elementor-column-gap-default\">\n\t\t\t\t\t<div class=\"elementor-column elementor-col-100 elementor-top-column elementor-element elementor-element-cbb7ca1\" data-id=\"cbb7ca1\" data-element_type=\"column\" data-e-type=\"column\">\n\t\t\t<div class=\"elementor-widget-wrap elementor-element-populated\">\n\t\t\t\t\t\t<div class=\"elementor-element elementor-element-30db6af elementor-widget elementor-widget-heading\" data-id=\"30db6af\" data-element_type=\"widget\" data-e-type=\"widget\" data-widget_type=\"heading.default\">\n\t\t\t\t\t<h2 class=\"elementor-heading-title elementor-size-default\">PROCESO SELECTIVO EXTRAORDINARIO DE ESTABILIZACI\u00d3N MEDIANTE CONCURSO DE M\u00c9RITOS<\/h2>\t\t\t\t<\/div>\n\t\t\t\t<div class=\"elementor-element elementor-element-536163d elementor-widget elementor-widget-heading\" data-id=\"536163d\" data-element_type=\"widget\" data-e-type=\"widget\" data-widget_type=\"heading.default\">\n\t\t\t\t\t<h2 class=\"elementor-heading-title elementor-size-default\">gestor\/a contable<\/h2>\t\t\t\t<\/div>\n\t\t\t\t<div class=\"elementor-element elementor-element-5f4db89 elementor-widget elementor-widget-text-editor\" data-id=\"5f4db89\" data-element_type=\"widget\" data-e-type=\"widget\" data-widget_type=\"text-editor.default\">\n\t\t\t\t\t\t\t\t\t<div class=\"wpb_column vc_column_container col-md-6 col-xs-mobile-fullwidth col-sm-6 padding-three-bottom\"><div class=\"vc-column-innner-wrapper\"><p>Al amparo de la Exposici\u00f3n de Motivos y la Disposici\u00f3n Adicional Sexta de la Ley 20\/2021, de 28 de diciembre, de medidas urgentes para la reducci\u00f3n de la temporalidad en el empleo p\u00fablico, la Fundaci\u00f3n Barenboim-Said ha abierto el 30 de diciembre de 2022 un proceso selectivo extraordinario de estabilizaci\u00f3n mediante concurso de m\u00e9ritos con la referencia CF-00052\/2022 para cubrir dos puestos de Gestor\/a Contable con contrato fijo indefinido a tiempo completo.\u00a0<\/p><p>Para participar en este proceso de selecci\u00f3n es necesario rellenar el formulario disponible en esta p\u00e1gina, indicando tanto los requisitos como los m\u00e9ritos cumplidos y adjuntando los correspondientes certificados.<\/p><p>La <strong>fecha l\u00edmite de recepci\u00f3n de solicitudes<\/strong> finaliz\u00f3 a los 15 d\u00edas de la fecha de publicaci\u00f3n de este anuncio en BOJA, concretamente el <strong>14 de enero de 2023 a las 23:59 h<\/strong>.\u00a0<\/p><p>La Fundaci\u00f3n publicar\u00e1 en su p\u00e1gina web una lista de las solicitudes con 6 o m\u00e1s puntos como admitidos dentro de los 15 d\u00edas siguientes a la finalizaci\u00f3n del plazo para la presentaci\u00f3n de solicitudes, por orden de valoraci\u00f3n de m\u00e9ritos, con propuesta de adjudicaci\u00f3n provisional.<\/p><\/div><\/div>\t\t\t\t\t\t\t\t<\/div>\n\t\t\t\t<div class=\"elementor-element elementor-element-60fb9be elementor-align-center elementor-widget elementor-widget-button\" data-id=\"60fb9be\" data-element_type=\"widget\" data-e-type=\"widget\" data-widget_type=\"button.default\">\n\t\t\t\t\t\t\t\t\t\t<a class=\"elementor-button elementor-button-link elementor-size-sm\" href=\"https:\/\/barenboim-said.org\/wp-content\/uploads\/2022\/12\/BOJA22-535-00003-21151-01_00274291-1.pdf\" target=\"_blank\">\n\t\t\t\t\t\t<span class=\"elementor-button-content-wrapper\">\n\t\t\t\t\t\t\t\t\t<span class=\"elementor-button-text\">convocatoria proceso de estabilizaci\u00f3n mediante concurso de m\u00e9ritos<\/span>\n\t\t\t\t\t<\/span>\n\t\t\t\t\t<\/a>\n\t\t\t\t\t\t\t\t<\/div>\n\t\t\t\t<div class=\"elementor-element elementor-element-827f326 elementor-widget elementor-widget-text-editor\" data-id=\"827f326\" data-element_type=\"widget\" data-e-type=\"widget\" data-widget_type=\"text-editor.default\">\n\t\t\t\t\t\t\t\t\t<hr \/><p><strong>LISTA PROVISIONAL DE CANDIDATOS\/AS ADMITIDOS\/AS EN EL PROCESO SELECTIVO EXTRAORDINARIO DE ESTABILIZACI\u00d3N MEDIANTE CONCURSO DE M\u00c9RITOS \u2013 FUNDACI\u00d3N P\u00daBLICA ANDALUZA BARENBOIM-SAID<\/strong><\/p><p><strong>Expediente CF-00052\/2022<br \/><\/strong><strong>Puesto: Gestor\/a contable<br \/><\/strong><strong>Plazas: 2<\/strong><\/p><p><strong><u>Candidatos admitidos (6 o m\u00e1s puntos)<\/u><\/strong><\/p><ul><li>Lorenzo Jos\u00e9 Conde D\u00edaz<\/li><li>Luis Alejandro Herreros de Tejada San Gil<\/li><\/ul><p><strong><u><br \/>Propuesta de adjudicaci\u00f3n provisional de plazas por orden de valoraci\u00f3n de m\u00e9ritos:<\/u><\/strong><\/p><ul><li>Lorenzo Jos\u00e9 Conde D\u00edaz<\/li><li>Luis Alejandro Herreros de Tejada San Gil<\/li><\/ul><p>\u00a0<\/p><p>En Sevilla, el 25 de enero de 2023.<\/p>\t\t\t\t\t\t\t\t<\/div>\n\t\t\t\t<div class=\"elementor-element elementor-element-3ce1599 elementor-widget elementor-widget-text-editor\" data-id=\"3ce1599\" data-element_type=\"widget\" data-e-type=\"widget\" data-widget_type=\"text-editor.default\">\n\t\t\t\t\t\t\t\t\t<hr \/><p><strong>RESOLUCI\u00d3N DE ADJUDICACI\u00d3N DE DOS PLAZAS DE GESTOR\/A CONTABLE EN EL PROCESO SELECTIVO <\/strong><strong>EXTRAORDINARIO DE ESTABILIZACI\u00d3N MEDIANTE CONCURSO DE M\u00c9RITOS \u2013 FUNDACI\u00d3N P\u00daBLICA <\/strong><strong>ANDALUZA BARENBOIM-SAID<\/strong><\/p><p><strong>Expediente CF-00052\/2022<\/strong><\/p><p>Con fecha 30 de diciembre de 2023 se public\u00f3 en el Bolet\u00edn Oficial de la Junta de Andaluc\u00eda extraordinario n\u00famero 35 la convocatoria y las bases del proceso selectivo extraordinario de estabilizaci\u00f3n mediante concurso de m\u00e9ritos de 2 plazas de Gestor\/a contable en la Fundaci\u00f3n P\u00fablica Andaluza Barenboim-Said.<\/p><p>Con fecha 14 de enero de 2023 finaliz\u00f3 el plazo de presentaci\u00f3n de candidaturas.<\/p><p>Con fecha 25 de enero de 2023 se public\u00f3 en la p\u00e1gina web de la Fundaci\u00f3n el listado provisional de personas admitidas y la propuesta provisional de adjudicaci\u00f3n de las plazas.<\/p><p>Que no se han recibido reclamaciones dentro del plazo de alegaciones en relaci\u00f3n con el listado de personas admitidas ni con la propuesta provisional de adjudicaci\u00f3n.<\/p><p>Que por la presente RESUELVO adjudicar las plazas de Gestor contable a Don Lorenzo Jos\u00e9 Conde D\u00edaz, con DNI 28.604.346-M, y a Don Luis Alejandro Herreros de Tejada San Gil, con DNI 27.288.999-M, y la toma de posesi\u00f3n inmediata de las mismas en las condiciones previstas en las bases y convocatoria del procedimiento.<\/p><p>En Sevilla, el 21 de febrero de 2023.<\/p>\t\t\t\t\t\t\t\t<\/div>\n\t\t\t\t\t<\/div>\n\t\t<\/div>\n\t\t\t\t\t<\/div>\n\t\t<\/section>\n\t\t\t\t<\/div>\n\t\t","protected":false},"excerpt":{"rendered":"<p>PROCESO SELECTIVO EXTRAORDINARIO DE ESTABILIZACI\u00d3N MEDIANTE CONCURSO DE M\u00c9RITOS gestor\/a contable Al amparo de la Exposici\u00f3n de Motivos y la Disposici\u00f3n Adicional Sexta de la Ley 20\/2021, de 28 de diciembre, de medidas urgentes para la reducci\u00f3n de la temporalidad en el empleo p\u00fablico, la Fundaci\u00f3n Barenboim-Said ha abierto el 30 de diciembre de 2022 [&hellip;]<\/p>\n","protected":false},"author":5,"featured_media":0,"parent":0,"menu_order":0,"comment_status":"closed","ping_status":"closed","template":"","meta":{"footnotes":""},"class_list":["post-33648","page","type-page","status-publish","hentry"],"_links":{"self":[{"href":"https:\/\/barenboim-said.org\/en\/wp-json\/wp\/v2\/pages\/33648","targetHints":{"allow":["GET"]}}],"collection":[{"href":"https:\/\/barenboim-said.org\/en\/wp-json\/wp\/v2\/pages"}],"about":[{"href":"https:\/\/barenboim-said.org\/en\/wp-json\/wp\/v2\/types\/page"}],"author":[{"embeddable":true,"href":"https:\/\/barenboim-said.org\/en\/wp-json\/wp\/v2\/users\/5"}],"replies":[{"embeddable":true,"href":"https:\/\/barenboim-said.org\/en\/wp-json\/wp\/v2\/comments?post=33648"}],"version-history":[{"count":0,"href":"https:\/\/barenboim-said.org\/en\/wp-json\/wp\/v2\/pages\/33648\/revisions"}],"wp:attachment":[{"href":"https:\/\/barenboim-said.org\/en\/wp-json\/wp\/v2\/media?parent=33648"}],"curies":[{"name":"wp","href":"https:\/\/api.w.org\/{rel}","templated":true}]}}